{"id":582,"date":"2024-11-09T14:16:42","date_gmt":"2024-11-09T17:16:42","guid":{"rendered":"https:\/\/www.camaracampos.rj.gov.br\/site\/?page_id=582"},"modified":"2024-11-09T14:16:43","modified_gmt":"2024-11-09T17:16:43","slug":"datas-comemorativas","status":"publish","type":"page","link":"https:\/\/www.camaracampos.rj.gov.br\/site\/datas-comemorativas\/","title":{"rendered":"Datas Comemorativas"},"content":{"rendered":"\n<figure class=\"wp-block-image size-large\"><img fetchpriority=\"high\" decoding=\"async\" width=\"1024\" height=\"680\" src=\"https:\/\/www.camaracampos.rj.gov.br\/site\/wp-content\/uploads\/2024\/11\/imagem_2024-11-09_141607848-1024x680.png\" alt=\"\" class=\"wp-image-583\" srcset=\"https:\/\/www.camaracampos.rj.gov.br\/site\/wp-content\/uploads\/2024\/11\/imagem_2024-11-09_141607848-1024x680.png 1024w, https:\/\/www.camaracampos.rj.gov.br\/site\/wp-content\/uploads\/2024\/11\/imagem_2024-11-09_141607848-300x199.png 300w, https:\/\/www.camaracampos.rj.gov.br\/site\/wp-content\/uploads\/2024\/11\/imagem_2024-11-09_141607848-768x510.png 768w, https:\/\/www.camaracampos.rj.gov.br\/site\/wp-content\/uploads\/2024\/11\/imagem_2024-11-09_141607848-200x133.png 200w, https:\/\/www.camaracampos.rj.gov.br\/site\/wp-content\/uploads\/2024\/11\/imagem_2024-11-09_141607848.png 1140w\" sizes=\"(max-width: 1024px) 100vw, 1024px\" \/><\/figure>\n\n\n\n<h1 class=\"wp-block-heading\"><strong>Datas Comemorativas<\/strong><\/h1>\n\n\n\n<p><a href=\"https:\/\/www.camaracampos.rj.gov.br\/site\" title=\"\">Campos<\/a>\u00a0\u00a011 Outubro 2014<\/p>\n\n\n\n<p><strong>Datas comemorativas s\u00e3o datas escolhidas para relembrar eventos hist\u00f3ricos, conquistas importantes ou lutas que ainda est\u00e3o sendo travadas por um grupo. Muitas delas possuem alcance internacional enquanto outras podem ser espec\u00edficas para um pa\u00eds ou regi\u00e3o.<\/strong><\/p>\n\n\n\n<h5 class=\"wp-block-heading\">Feriados Municipais<br><br><strong>15 de janeiro: Santo Amaro<br><br>06 de agosto: S\u00e3o Salvador<\/strong><br><br>Feriados Nacionais<br><br>1\u00ba de janeiro: Confraterniza\u00e7\u00e3o Universal&nbsp;<br><br>16 de fevereiro: Carnaval (ponto facultativo)<br><br>17 de fevereiro: Carnaval (ponto facultativo)<br><br>18 de fevereiro: Quarta-Feira de Cinzas (ponto facultativo at\u00e9 as 14 horas)<br><br>3 de abril: Sexta-Feira da Paix\u00e3o&nbsp;<br><br>21 de abril: Tiradentes&nbsp;<br><br>1\u00ba de maio: Dia Mundial do Trabalho<br><br>4 de junho: Corpus Christi (ponto facultativo)<br><br>7 de setembro: Independ\u00eancia do Brasil&nbsp;<br><br>12 de outubro: Nossa Senhora Aparecida, Padroeira do Brasil&nbsp;<br><br>30 de outubro: Dia do Servidor P\u00fablico (ponto facultativo)<br><br>2 de novembro: Finados&nbsp;<br><br>15 de novembro: Proclama\u00e7\u00e3o da Rep\u00fablica&nbsp;<br><br>24 de dezembro: v\u00e9spera de Natal (ponto facultativo ap\u00f3s as 14 horas)<br><br>25 de dezembro: Natal&nbsp;<br><br>31 de dezembro: v\u00e9spera de Ano Novo (ponto facultativo ap\u00f3s as 14 horas)<\/h5>\n","protected":false},"excerpt":{"rendered":"<p>Datas Comemorativas Campos\u00a0\u00a011 Outubro 2014 Datas comemorativas s\u00e3o datas escolhidas para relembrar eventos hist\u00f3ricos, conquistas importantes ou lutas que ainda est\u00e3o sendo travadas por um grupo. Muitas delas possuem alcance internacional enquanto outras podem ser espec\u00edficas para um pa\u00eds ou regi\u00e3o. Feriados Municipais 15 de janeiro: Santo Amaro 06 de agosto: S\u00e3o Salvador Feriados Nacionais 1\u00ba de janeiro: Confraterniza\u00e7\u00e3o Universal&nbsp; 16 de fevereiro: Carnaval (ponto facultativo) 17 de fevereiro: Carnaval (ponto facultativo) 18 de fevereiro: Quarta-Feira de Cinzas (ponto facultativo at\u00e9 as 14 horas) 3 de abril: Sexta-Feira da Paix\u00e3o&nbsp; 21 de abril: Tiradentes&nbsp; 1\u00ba de maio: Dia Mundial do Trabalho 4 de junho: Corpus Christi (ponto facultativo) 7 de setembro: Independ\u00eancia do Brasil&nbsp; 12 de outubro: Nossa Senhora Aparecida, Padroeira do Brasil&nbsp; 30 de outubro: Dia do Servidor P\u00fablico (ponto facultativo) 2 de novembro: Finados&nbsp; 15 de novembro: Proclama\u00e7\u00e3o da Rep\u00fablica&nbsp; 24 de dezembro: v\u00e9spera de Natal (ponto facultativo ap\u00f3s as 14 horas) 25 de dezembro: Natal&nbsp; 31 de dezembro: v\u00e9spera de Ano Novo (ponto facultativo ap\u00f3s as 14 horas)<\/p>\n","protected":false},"author":1,"featured_media":0,"parent":0,"menu_order":0,"comment_status":"closed","ping_status":"closed","template":"","meta":{"pgc_sgb_lightbox_settings":"","footnotes":""},"class_list":["post-582","page","type-page","status-publish","hentry"],"aioseo_notices":[],"rttpg_featured_image_url":null,"rttpg_author":{"display_name":false,"author_link":"https:\/\/www.camaracampos.rj.gov.br\/site\/author\/camaracampos_vrlte0\/"},"rttpg_comment":0,"rttpg_category":null,"rttpg_excerpt":"Datas Comemorativas Campos\u00a0\u00a011 Outubro 2014 Datas comemorativas s\u00e3o datas escolhidas para relembrar eventos hist\u00f3ricos, conquistas importantes ou lutas que ainda est\u00e3o sendo travadas por um grupo. Muitas delas possuem alcance internacional enquanto outras podem ser espec\u00edficas para um pa\u00eds ou regi\u00e3o. Feriados Municipais 15 de janeiro: Santo Amaro 06 de agosto: S\u00e3o Salvador Feriados Nacionais&hellip;","_links":{"self":[{"href":"https:\/\/www.camaracampos.rj.gov.br\/site\/wp-json\/wp\/v2\/pages\/582","targetHints":{"allow":["GET"]}}],"collection":[{"href":"https:\/\/www.camaracampos.rj.gov.br\/site\/wp-json\/wp\/v2\/pages"}],"about":[{"href":"https:\/\/www.camaracampos.rj.gov.br\/site\/wp-json\/wp\/v2\/types\/page"}],"author":[{"embeddable":true,"href":"https:\/\/www.camaracampos.rj.gov.br\/site\/wp-json\/wp\/v2\/users\/1"}],"replies":[{"embeddable":true,"href":"https:\/\/www.camaracampos.rj.gov.br\/site\/wp-json\/wp\/v2\/comments?post=582"}],"version-history":[{"count":1,"href":"https:\/\/www.camaracampos.rj.gov.br\/site\/wp-json\/wp\/v2\/pages\/582\/revisions"}],"predecessor-version":[{"id":584,"href":"https:\/\/www.camaracampos.rj.gov.br\/site\/wp-json\/wp\/v2\/pages\/582\/revisions\/584"}],"wp:attachment":[{"href":"https:\/\/www.camaracampos.rj.gov.br\/site\/wp-json\/wp\/v2\/media?parent=582"}],"curies":[{"name":"wp","href":"https:\/\/api.w.org\/{rel}","templated":true}]}}